{"id":483,"date":"2021-06-01T15:02:54","date_gmt":"2021-06-01T13:02:54","guid":{"rendered":"https:\/\/bgpromoteur.fr\/?page_id=483"},"modified":"2021-10-27T14:51:23","modified_gmt":"2021-10-27T12:51:23","slug":"vaureal-residence-les-jades","status":"publish","type":"page","link":"https:\/\/bgpromoteur.fr\/index.php\/vaureal-residence-les-jades\/","title":{"rendered":"Vaur\u00e9al &#8211; R\u00e9sidence Les Jades"},"content":{"rendered":"\n<h2 class=\"has-text-align-center wp-block-heading\">35 LOGEMENTS DE STANDING \u00c0 VAUR<strong>\u00c9<\/strong>AL (95)<\/h2>\n\n\n\n<figure class=\"wp-block-image size-large is-resized\"><img loading=\"lazy\" decoding=\"async\" src=\"https:\/\/bgpromoteur.fr\/wp-content\/uploads\/2021\/05\/slider_vaureal-1024x321.jpg\" alt=\"\" class=\"wp-image-120\" width=\"1064\" height=\"333\" srcset=\"https:\/\/bgpromoteur.fr\/wp-content\/uploads\/2021\/05\/slider_vaureal-1024x321.jpg 1024w, https:\/\/bgpromoteur.fr\/wp-content\/uploads\/2021\/05\/slider_vaureal-300x94.jpg 300w, https:\/\/bgpromoteur.fr\/wp-content\/uploads\/2021\/05\/slider_vaureal-768x240.jpg 768w, https:\/\/bgpromoteur.fr\/wp-content\/uploads\/2021\/05\/slider_vaureal-1536x481.jpg 1536w, https:\/\/bgpromoteur.fr\/wp-content\/uploads\/2021\/05\/slider_vaureal.jpg 1920w\" sizes=\"auto, (max-width: 1064px) 100vw, 1064px\" \/><\/figure>\n\n\n\n<div style=\"height:30px\" aria-hidden=\"true\" class=\"wp-block-spacer\"><\/div>\n\n\n\n<div class=\"wp-block-columns is-layout-flex wp-container-core-columns-is-layout-9d6595d7 wp-block-columns-is-layout-flex\">\n<div class=\"wp-block-column is-layout-flow wp-block-column-is-layout-flow\">\n<h2 class=\"wp-block-heading\"><span class=\"has-inline-color has-vivid-cyan-blue-color\">UN EMPLACEMENT ID<strong>\u00c9<\/strong>AL POUR INVESTIR<\/span><\/h2>\n\n\n\n<p style=\"text-align:justify\">\u00c0 seulement <strong>35 kilom\u00e8tres au nord de Paris<\/strong>, la commune b\u00e9n\u00e9ficie d\u2019une situation g\u00e9ographique remarquable, en pleine nature, proche du Parc Naturel du Vexin, dans le d\u00e9partement du Val d\u2019Oise.<\/p>\n\n\n\n<p style=\"text-align:justify\">Elle dispose de toutes les infrastructures sportives, de loisirs et de transport de la Communaut\u00e9 d\u2019agglom\u00e9ration de Cergy-Pontoise. Elle poss\u00e8de<strong> plus de 50 commerces de proximit\u00e9, de 8 groupes scolaires, de deux coll\u00e8ges et d\u2019un lyc\u00e9e.<\/strong><\/p>\n\n\n\n<div style=\"height:30px\" aria-hidden=\"true\" class=\"wp-block-spacer\"><\/div>\n\n\n\n<h2 class=\"wp-block-heading\"><span class=\"has-inline-color has-vivid-cyan-blue-color\">UNE VILLE EN HARMONIE AVEC LA NATURE POUR LE PLAISIR DE SES HABITANTS<\/span><\/h2>\n\n\n\n<p style=\"text-align:justify\">Ce petit village plein de charme au bord de l\u2019Oise est devenu en 30 ans une ville nouvelle, offrant \u00e0 ses habitants un confort et <strong>une qualit\u00e9 de vie exceptionnelle<\/strong>, gr\u00e2ce aux nombreux am\u00e9nagements et aux \u00e9quipements modernes, mais aussi \u00e0 cette nature toute proche.<\/p>\n<\/div>\n<\/div>\n\n\n<div class=\"map_wrapper\" id=\"map_wrapper_479\">\n<div class=\"map_box\" style=\"max-width:500px\">\n<div class=\"map_aspect_ratio\" style=\"padding-top:56%\" data-padding-top=\"56%\" data-padding-top-mobile=\"\">\n<div class=\"map_container\">\n<div class=\"map_render map_loading\" id=\"map_479\"><\/div>\n<\/div>\n<\/div>\n<\/div>\n<\/div>\n\n\n\n<div class=\"wp-block-image\"><figure class=\"aligncenter size-large\"><a href=\"https:\/\/www.bgpromoteur-partenaires.fr\/plaquettes_prg\/plaquette_lesjades-vaureal.pdf\" target=\"_blank\" rel=\"noopener noreferrer\"><img loading=\"lazy\" decoding=\"async\" width=\"516\" height=\"102\" src=\"https:\/\/bgpromoteur.fr\/wp-content\/uploads\/2021\/06\/telecharge_brochure.png\" alt=\"\" class=\"wp-image-312\" srcset=\"https:\/\/bgpromoteur.fr\/wp-content\/uploads\/2021\/06\/telecharge_brochure.png 516w, https:\/\/bgpromoteur.fr\/wp-content\/uploads\/2021\/06\/telecharge_brochure-300x59.png 300w\" sizes=\"auto, (max-width: 516px) 100vw, 516px\" \/><\/a><\/figure><\/div>\n\n\n\n<p><\/p>\n","protected":false},"excerpt":{"rendered":"<p>35 LOGEMENTS DE STANDING \u00c0 VAUR\u00c9AL (95) UN EMPLACEMENT ID\u00c9AL POUR INVESTIR \u00c0 seulement 35 kilom\u00e8tres au nord de Paris, la commune b\u00e9n\u00e9ficie d\u2019une situation g\u00e9ographique remarquable, en pleine nature, proche du Parc Naturel du Vexin, dans le d\u00e9partement du Val d\u2019Oise. Elle dispose de toutes les infrastructures sportives, de loisirs et de transport de [&hellip;]<\/p>\n","protected":false},"author":1,"featured_media":0,"parent":0,"menu_order":0,"comment_status":"closed","ping_status":"closed","template":"","meta":{"footnotes":""},"class_list":["post-483","page","type-page","status-publish","hentry"],"yoast_head":"<!-- This site is optimized with the Yoast SEO plugin v25.3 - https:\/\/yoast.com\/wordpress\/plugins\/seo\/ -->\n<title>Vaur\u00e9al - R\u00e9sidence Les Jades - B&amp;G Promoteur-Constructeur<\/title>\n<meta name=\"description\" content=\"35 LOGEMENTS DE STANDING \u00c0 VAUR\u00c9AL (95)\" \/>\n<meta name=\"robots\" content=\"index, follow, max-snippet:-1, max-image-preview:large, max-video-preview:-1\" \/>\n<link rel=\"canonical\" href=\"https:\/\/bgpromoteur.fr\/index.php\/vaureal-residence-les-jades\/\" \/>\n<meta property=\"og:locale\" content=\"fr_FR\" \/>\n<meta property=\"og:type\" content=\"article\" \/>\n<meta property=\"og:title\" content=\"B&amp;G Promoteur-Constructeur - La ma\u00eetrise des savoir-faire\" \/>\n<meta property=\"og:description\" content=\"35 LOGEMENTS DE STANDING \u00c0 VAUR\u00c9AL (95)\" \/>\n<meta property=\"og:url\" content=\"https:\/\/bgpromoteur.fr\/index.php\/vaureal-residence-les-jades\/\" \/>\n<meta property=\"og:site_name\" content=\"B&amp;G Promoteur-Constructeur\" \/>\n<meta property=\"article:modified_time\" content=\"2021-10-27T12:51:23+00:00\" \/>\n<meta property=\"og:image\" content=\"https:\/\/bgpromoteur.fr\/wp-content\/uploads\/2021\/06\/vaureal_facebook.jpg\" \/>\n\t<meta property=\"og:image:width\" content=\"396\" \/>\n\t<meta property=\"og:image:height\" content=\"224\" \/>\n\t<meta property=\"og:image:type\" content=\"image\/jpeg\" \/>\n<meta name=\"twitter:card\" content=\"summary_large_image\" \/>\n<meta name=\"twitter:title\" content=\"B&amp;G Promoteur-Constructeur - La ma\u00eetrise des savoir-faire\" \/>\n<meta name=\"twitter:description\" content=\"35 LOGEMENTS DE STANDING \u00c0 VAUR\u00c9AL (95)\" \/>\n<meta name=\"twitter:image\" content=\"https:\/\/bgpromoteur.fr\/wp-content\/uploads\/2021\/06\/vaureal_facebook.jpg\" \/>\n<meta name=\"twitter:label1\" content=\"Dur\u00e9e de lecture estim\u00e9e\" \/>\n\t<meta name=\"twitter:data1\" content=\"2 minutes\" \/>\n<script type=\"application\/ld+json\" class=\"yoast-schema-graph\">{\"@context\":\"https:\/\/schema.org\",\"@graph\":[{\"@type\":\"WebPage\",\"@id\":\"https:\/\/bgpromoteur.fr\/index.php\/vaureal-residence-les-jades\/\",\"url\":\"https:\/\/bgpromoteur.fr\/index.php\/vaureal-residence-les-jades\/\",\"name\":\"Vaur\u00e9al - R\u00e9sidence Les Jades - B&amp;G Promoteur-Constructeur\",\"isPartOf\":{\"@id\":\"https:\/\/bgpromoteur.fr\/#website\"},\"primaryImageOfPage\":{\"@id\":\"https:\/\/bgpromoteur.fr\/index.php\/vaureal-residence-les-jades\/#primaryimage\"},\"image\":{\"@id\":\"https:\/\/bgpromoteur.fr\/index.php\/vaureal-residence-les-jades\/#primaryimage\"},\"thumbnailUrl\":\"https:\/\/bgpromoteur.fr\/wp-content\/uploads\/2021\/05\/slider_vaureal-1024x321.jpg\",\"datePublished\":\"2021-06-01T13:02:54+00:00\",\"dateModified\":\"2021-10-27T12:51:23+00:00\",\"description\":\"35 LOGEMENTS DE STANDING \u00c0 VAUR\u00c9AL (95)\",\"breadcrumb\":{\"@id\":\"https:\/\/bgpromoteur.fr\/index.php\/vaureal-residence-les-jades\/#breadcrumb\"},\"inLanguage\":\"fr-FR\",\"potentialAction\":[{\"@type\":\"ReadAction\",\"target\":[\"https:\/\/bgpromoteur.fr\/index.php\/vaureal-residence-les-jades\/\"]}]},{\"@type\":\"ImageObject\",\"inLanguage\":\"fr-FR\",\"@id\":\"https:\/\/bgpromoteur.fr\/index.php\/vaureal-residence-les-jades\/#primaryimage\",\"url\":\"https:\/\/bgpromoteur.fr\/wp-content\/uploads\/2021\/05\/slider_vaureal.jpg\",\"contentUrl\":\"https:\/\/bgpromoteur.fr\/wp-content\/uploads\/2021\/05\/slider_vaureal.jpg\",\"width\":1920,\"height\":601,\"caption\":\"Vaur\u00e9al (95)\"},{\"@type\":\"BreadcrumbList\",\"@id\":\"https:\/\/bgpromoteur.fr\/index.php\/vaureal-residence-les-jades\/#breadcrumb\",\"itemListElement\":[{\"@type\":\"ListItem\",\"position\":1,\"name\":\"Accueil\",\"item\":\"https:\/\/bgpromoteur.fr\/\"},{\"@type\":\"ListItem\",\"position\":2,\"name\":\"Vaur\u00e9al &#8211; R\u00e9sidence Les Jades\"}]},{\"@type\":\"WebSite\",\"@id\":\"https:\/\/bgpromoteur.fr\/#website\",\"url\":\"https:\/\/bgpromoteur.fr\/\",\"name\":\"B&amp;G Promoteur-Constructeur\",\"description\":\"\",\"publisher\":{\"@id\":\"https:\/\/bgpromoteur.fr\/#organization\"},\"potentialAction\":[{\"@type\":\"SearchAction\",\"target\":{\"@type\":\"EntryPoint\",\"urlTemplate\":\"https:\/\/bgpromoteur.fr\/?s={search_term_string}\"},\"query-input\":{\"@type\":\"PropertyValueSpecification\",\"valueRequired\":true,\"valueName\":\"search_term_string\"}}],\"inLanguage\":\"fr-FR\"},{\"@type\":\"Organization\",\"@id\":\"https:\/\/bgpromoteur.fr\/#organization\",\"name\":\"B&G Promoteur-Constructeur\",\"url\":\"https:\/\/bgpromoteur.fr\/\",\"logo\":{\"@type\":\"ImageObject\",\"inLanguage\":\"fr-FR\",\"@id\":\"https:\/\/bgpromoteur.fr\/#\/schema\/logo\/image\/\",\"url\":\"https:\/\/bgpromoteur.fr\/wp-content\/uploads\/2021\/06\/logobg_facebook.jpg\",\"contentUrl\":\"https:\/\/bgpromoteur.fr\/wp-content\/uploads\/2021\/06\/logobg_facebook.jpg\",\"width\":200,\"height\":200,\"caption\":\"B&G Promoteur-Constructeur\"},\"image\":{\"@id\":\"https:\/\/bgpromoteur.fr\/#\/schema\/logo\/image\/\"}}]}<\/script>\n<!-- \/ Yoast SEO plugin. -->","yoast_head_json":{"title":"Vaur\u00e9al - R\u00e9sidence Les Jades - B&amp;G Promoteur-Constructeur","description":"35 LOGEMENTS DE STANDING \u00c0 VAUR\u00c9AL (95)","robots":{"index":"index","follow":"follow","max-snippet":"max-snippet:-1","max-image-preview":"max-image-preview:large","max-video-preview":"max-video-preview:-1"},"canonical":"https:\/\/bgpromoteur.fr\/index.php\/vaureal-residence-les-jades\/","og_locale":"fr_FR","og_type":"article","og_title":"B&G Promoteur-Constructeur - La ma\u00eetrise des savoir-faire","og_description":"35 LOGEMENTS DE STANDING \u00c0 VAUR\u00c9AL (95)","og_url":"https:\/\/bgpromoteur.fr\/index.php\/vaureal-residence-les-jades\/","og_site_name":"B&amp;G Promoteur-Constructeur","article_modified_time":"2021-10-27T12:51:23+00:00","og_image":[{"width":396,"height":224,"url":"https:\/\/bgpromoteur.fr\/wp-content\/uploads\/2021\/06\/vaureal_facebook.jpg","type":"image\/jpeg"}],"twitter_card":"summary_large_image","twitter_title":"B&G Promoteur-Constructeur - La ma\u00eetrise des savoir-faire","twitter_description":"35 LOGEMENTS DE STANDING \u00c0 VAUR\u00c9AL (95)","twitter_image":"https:\/\/bgpromoteur.fr\/wp-content\/uploads\/2021\/06\/vaureal_facebook.jpg","twitter_misc":{"Dur\u00e9e de lecture estim\u00e9e":"2 minutes"},"schema":{"@context":"https:\/\/schema.org","@graph":[{"@type":"WebPage","@id":"https:\/\/bgpromoteur.fr\/index.php\/vaureal-residence-les-jades\/","url":"https:\/\/bgpromoteur.fr\/index.php\/vaureal-residence-les-jades\/","name":"Vaur\u00e9al - R\u00e9sidence Les Jades - B&amp;G Promoteur-Constructeur","isPartOf":{"@id":"https:\/\/bgpromoteur.fr\/#website"},"primaryImageOfPage":{"@id":"https:\/\/bgpromoteur.fr\/index.php\/vaureal-residence-les-jades\/#primaryimage"},"image":{"@id":"https:\/\/bgpromoteur.fr\/index.php\/vaureal-residence-les-jades\/#primaryimage"},"thumbnailUrl":"https:\/\/bgpromoteur.fr\/wp-content\/uploads\/2021\/05\/slider_vaureal-1024x321.jpg","datePublished":"2021-06-01T13:02:54+00:00","dateModified":"2021-10-27T12:51:23+00:00","description":"35 LOGEMENTS DE STANDING \u00c0 VAUR\u00c9AL (95)","breadcrumb":{"@id":"https:\/\/bgpromoteur.fr\/index.php\/vaureal-residence-les-jades\/#breadcrumb"},"inLanguage":"fr-FR","potentialAction":[{"@type":"ReadAction","target":["https:\/\/bgpromoteur.fr\/index.php\/vaureal-residence-les-jades\/"]}]},{"@type":"ImageObject","inLanguage":"fr-FR","@id":"https:\/\/bgpromoteur.fr\/index.php\/vaureal-residence-les-jades\/#primaryimage","url":"https:\/\/bgpromoteur.fr\/wp-content\/uploads\/2021\/05\/slider_vaureal.jpg","contentUrl":"https:\/\/bgpromoteur.fr\/wp-content\/uploads\/2021\/05\/slider_vaureal.jpg","width":1920,"height":601,"caption":"Vaur\u00e9al (95)"},{"@type":"BreadcrumbList","@id":"https:\/\/bgpromoteur.fr\/index.php\/vaureal-residence-les-jades\/#breadcrumb","itemListElement":[{"@type":"ListItem","position":1,"name":"Accueil","item":"https:\/\/bgpromoteur.fr\/"},{"@type":"ListItem","position":2,"name":"Vaur\u00e9al &#8211; R\u00e9sidence Les Jades"}]},{"@type":"WebSite","@id":"https:\/\/bgpromoteur.fr\/#website","url":"https:\/\/bgpromoteur.fr\/","name":"B&amp;G Promoteur-Constructeur","description":"","publisher":{"@id":"https:\/\/bgpromoteur.fr\/#organization"},"potentialAction":[{"@type":"SearchAction","target":{"@type":"EntryPoint","urlTemplate":"https:\/\/bgpromoteur.fr\/?s={search_term_string}"},"query-input":{"@type":"PropertyValueSpecification","valueRequired":true,"valueName":"search_term_string"}}],"inLanguage":"fr-FR"},{"@type":"Organization","@id":"https:\/\/bgpromoteur.fr\/#organization","name":"B&G Promoteur-Constructeur","url":"https:\/\/bgpromoteur.fr\/","logo":{"@type":"ImageObject","inLanguage":"fr-FR","@id":"https:\/\/bgpromoteur.fr\/#\/schema\/logo\/image\/","url":"https:\/\/bgpromoteur.fr\/wp-content\/uploads\/2021\/06\/logobg_facebook.jpg","contentUrl":"https:\/\/bgpromoteur.fr\/wp-content\/uploads\/2021\/06\/logobg_facebook.jpg","width":200,"height":200,"caption":"B&G Promoteur-Constructeur"},"image":{"@id":"https:\/\/bgpromoteur.fr\/#\/schema\/logo\/image\/"}}]}},"_links":{"self":[{"href":"https:\/\/bgpromoteur.fr\/index.php\/wp-json\/wp\/v2\/pages\/483","targetHints":{"allow":["GET"]}}],"collection":[{"href":"https:\/\/bgpromoteur.fr\/index.php\/wp-json\/wp\/v2\/pages"}],"about":[{"href":"https:\/\/bgpromoteur.fr\/index.php\/wp-json\/wp\/v2\/types\/page"}],"author":[{"embeddable":true,"href":"https:\/\/bgpromoteur.fr\/index.php\/wp-json\/wp\/v2\/users\/1"}],"replies":[{"embeddable":true,"href":"https:\/\/bgpromoteur.fr\/index.php\/wp-json\/wp\/v2\/comments?post=483"}],"version-history":[{"count":14,"href":"https:\/\/bgpromoteur.fr\/index.php\/wp-json\/wp\/v2\/pages\/483\/revisions"}],"predecessor-version":[{"id":936,"href":"https:\/\/bgpromoteur.fr\/index.php\/wp-json\/wp\/v2\/pages\/483\/revisions\/936"}],"wp:attachment":[{"href":"https:\/\/bgpromoteur.fr\/index.php\/wp-json\/wp\/v2\/media?parent=483"}],"curies":[{"name":"wp","href":"https:\/\/api.w.org\/{rel}","templated":true}]}}